{"id":5437,"date":"2023-05-22T10:02:53","date_gmt":"2023-05-22T08:02:53","guid":{"rendered":"https:\/\/aaros-perle.dk\/veranstaltungen-events\/"},"modified":"2023-06-02T09:44:43","modified_gmt":"2023-06-02T07:44:43","slug":"veranstaltungen","status":"publish","type":"page","link":"https:\/\/aaros-perle.dk\/de\/veranstaltungen\/","title":{"rendered":"Veranstaltungen"},"content":{"rendered":"<div class=\"wpb-content-wrapper\"><p>[vc_row full_width=&#8220;stretch_row&#8220;][vc_column]<div class=\"ult-spacer spacer-69f5965d6dd0b\" data-id=\"69f5965d6dd0b\" data-height=\"90\" data-height-mobile=\"60\" data-height-tab=\"90\" data-height-tab-portrait=\"60\" data-height-mobile-landscape=\"60\" style=\"clear:both;display:block;\"><\/div>[vc_column_text]<\/p>\n<h2>Bevorstehend Veranstaltungen<\/h2>\n<p>[\/vc_column_text]<div class=\"ult-spacer spacer-69f5965d6dd5c\" data-id=\"69f5965d6dd5c\" data-height=\"90\" data-height-mobile=\"60\" data-height-tab=\"90\" data-height-tab-portrait=\"60\" data-height-mobile-landscape=\"60\" style=\"clear:both;display:block;\"><\/div>[vc_row_inner][vc_column_inner width=&#8220;1\/3&#8243;][vc_column_text]<\/p>\n<h3 style=\"text-align: center;\">Pfingst-Jazz<\/h3>\n<h3 style=\"text-align: center;\">Samstag d. 27. Mai 2023<\/h3>\n<p>[\/vc_column_text][vc_column_text][\/vc_column_text][vc_column_text]<\/p>\n<p>&nbsp;<\/p>\n<p>&nbsp;<\/p>\n<p>&nbsp;<\/p>\n<p>[\/vc_column_text][\/vc_column_inner][vc_column_inner width=&#8220;1\/3&#8243;][vc_column_text]<\/p>\n<h3 style=\"text-align: center;\"><strong>Tag der Verfassung<\/strong><\/h3>\n<h3 style=\"text-align: center;\"><strong>Montag, 5. Juni. 2023<\/strong><\/h3>\n<p>[\/vc_column_text][vc_column_text][\/vc_column_text][vc_column_text]<\/p>\n<p>&nbsp;<\/p>\n<p>&nbsp;<\/p>\n<p>&nbsp;<\/p>\n<p>[\/vc_column_text][\/vc_column_inner][vc_column_inner width=&#8220;1\/3&#8243;][vc_column_text]<\/p>\n<h3 style=\"text-align: center;\">\u00d8-kuller Musikfestival<br \/>\nFreitag &amp; Samstag 9\/10 Juni.<br \/>\n2023<\/h3>\n<p>[\/vc_column_text][vc_column_text]<\/p>\n<p>&nbsp;<\/p>\n<p>&nbsp;<\/p>\n<p>&nbsp;<\/p>\n<p>[\/vc_column_text][\/vc_column_inner][\/vc_row_inner][vc_row_inner][vc_column_inner width=&#8220;1\/3&#8243;][vc_column_text]<\/p>\n<h3 style=\"text-align: center;\">HARBOUR PARTY<\/h3>\n<h3 style=\"text-align: center;\">Freitag &amp; Samstag 14\/15. Juli 2023<\/h3>\n<p>[\/vc_column_text][\/vc_column_inner][vc_column_inner width=&#8220;1\/3&#8243;][vc_column_text]<\/p>\n<h3 style=\"text-align: center;\"><strong>Aal-Gilden 2023<br \/>\nFreitags um 18:00 Uhr Samstags um 13:00 Uhr<\/strong><\/h3>\n<p>Freitags: 22\/9 + 29\/9 + 06\/10 + 13\/10 + 20\/10<\/p>\n<p>Samstags: 23\/09 + 30\/09 + 07\/10 + 14\/10 + 21\/10[\/vc_column_text][\/vc_column_inner][vc_column_inner width=&#8220;1\/3&#8243;][vc_column_text]<\/p>\n<h3 style=\"text-align: center;\">Weihnachtsbier und Traktorfahrt<br \/>\nFreitag 3\/11<br \/>\n2023<\/h3>\n<p>[\/vc_column_text][\/vc_column_inner][vc_column_inner][\/vc_column_inner][\/vc_row_inner]<div class=\"ult-spacer spacer-69f5965d6dd83\" data-id=\"69f5965d6dd83\" data-height=\"90\" data-height-mobile=\"60\" data-height-tab=\"90\" data-height-tab-portrait=\"60\" data-height-mobile-landscape=\"60\" style=\"clear:both;display:block;\"><\/div>[\/vc_column][\/vc_row]<\/p>\n<\/div>","protected":false},"excerpt":{"rendered":"<p>[vc_row full_width=&#8220;stretch_row&#8220;][vc_column][vc_column_text] Bevorstehend Veranstaltungen [\/vc_column_text][vc_row_inner][vc_column_inner width=&#8220;1\/3&#8243;][vc_column_text] Pfingst-Jazz Samstag d. 27. Mai 2023 [\/vc_column_text][vc_column_text][\/vc_column_text][vc_column_text] &nbsp; &nbsp; &nbsp; [\/vc_column_text][\/vc_column_inner][vc_column_inner width=&#8220;1\/3&#8243;][vc_column_text] Tag der Verfassung Montag, 5. Juni. 2023 [\/vc_column_text][vc_column_text][\/vc_column_text][vc_column_text] &nbsp; &nbsp; &nbsp; [\/vc_column_text][\/vc_column_inner][vc_column_inner width=&#8220;1\/3&#8243;][vc_column_text] \u00d8-kuller Musikfestival Freitag &amp; Samstag 9\/10 Juni. 2023 [\/vc_column_text][vc_column_text] &nbsp; &nbsp; &nbsp; [\/vc_column_text][\/vc_column_inner][\/vc_row_inner][vc_row_inner][vc_column_inner width=&#8220;1\/3&#8243;][vc_column_text] HARBOUR PARTY Freitag &amp; Samstag 14\/15. Juli 2023 [\/vc_column_text][\/vc_column_inner][vc_column_inner width=&#8220;1\/3&#8243;][vc_column_text] &#8230; <a title=\"Veranstaltungen\" class=\"read-more\" href=\"https:\/\/aaros-perle.dk\/de\/veranstaltungen\/\" aria-label=\"Mehr zu Veranstaltungen\">Weiterlesen &#8230;<\/a><\/p>\n","protected":false},"author":1,"featured_media":5352,"parent":0,"menu_order":0,"comment_status":"closed","ping_status":"closed","template":"","meta":{"footnotes":""},"categories":[],"class_list":["post-5437","page","type-page","status-publish","has-post-thumbnail"],"acf":[],"yoast_head":"<!-- This site is optimized with the Yoast SEO plugin v27.1.1 - https:\/\/yoast.com\/product\/yoast-seo-wordpress\/ -->\n<title>Veranstaltungen &#183; Aar\u00f8&#039;s Perle<\/title>\n<meta name=\"description\" content=\"In Aar\u00f8s Perle organisieren wir viele verschiedene Veranstaltungen. Kommen Sie zum Pfingstjazz am Samstag, den 16. 27. Mai 2023 und genie\u00dfen Sie eine tolle Atmosph\u00e4re und gro\u00dfartige Musik!\" \/>\n<meta name=\"robots\" content=\"index, follow, max-snippet:-1, max-image-preview:large, max-video-preview:-1\" \/>\n<link rel=\"canonical\" href=\"https:\/\/aaros-perle.dk\/de\/veranstaltungen\/\" \/>\n<meta property=\"og:locale\" content=\"de_DE\" \/>\n<meta property=\"og:type\" content=\"article\" \/>\n<meta property=\"og:title\" content=\"Veranstaltungen &#183; Aar\u00f8&#039;s Perle\" \/>\n<meta property=\"og:description\" content=\"In Aar\u00f8s Perle organisieren wir viele verschiedene Veranstaltungen. Kommen Sie zum Pfingstjazz am Samstag, den 16. 27. Mai 2023 und genie\u00dfen Sie eine tolle Atmosph\u00e4re und gro\u00dfartige Musik!\" \/>\n<meta property=\"og:url\" content=\"https:\/\/aaros-perle.dk\/de\/veranstaltungen\/\" \/>\n<meta property=\"og:site_name\" content=\"Aar\u00f8&#039;s Perle\" \/>\n<meta property=\"article:modified_time\" content=\"2023-06-02T07:44:43+00:00\" \/>\n<meta property=\"og:image\" content=\"https:\/\/aaros-perle.dk\/wp-content\/uploads\/2023\/03\/1825fa80-f85a-4d89-b14d-3c45391381c1.jpeg\" \/>\n\t<meta property=\"og:image:width\" content=\"1890\" \/>\n\t<meta property=\"og:image:height\" content=\"1260\" \/>\n\t<meta property=\"og:image:type\" content=\"image\/jpeg\" \/>\n<meta name=\"twitter:card\" content=\"summary_large_image\" \/>\n<meta name=\"twitter:label1\" content=\"Gesch\u00e4tzte Lesezeit\" \/>\n\t<meta name=\"twitter:data1\" content=\"1\u00a0Minute\" \/>\n<script type=\"application\/ld+json\" class=\"yoast-schema-graph\">{\"@context\":\"https:\/\/schema.org\",\"@graph\":[{\"@type\":\"WebPage\",\"@id\":\"https:\/\/aaros-perle.dk\/de\/veranstaltungen\/\",\"url\":\"https:\/\/aaros-perle.dk\/de\/veranstaltungen\/\",\"name\":\"Veranstaltungen &#183; Aar\u00f8&#039;s Perle\",\"isPartOf\":{\"@id\":\"https:\/\/aaros-perle.dk\/#website\"},\"primaryImageOfPage\":{\"@id\":\"https:\/\/aaros-perle.dk\/de\/veranstaltungen\/#primaryimage\"},\"image\":{\"@id\":\"https:\/\/aaros-perle.dk\/de\/veranstaltungen\/#primaryimage\"},\"thumbnailUrl\":\"https:\/\/aaros-perle.dk\/wp-content\/uploads\/2023\/03\/1825fa80-f85a-4d89-b14d-3c45391381c1.jpeg\",\"datePublished\":\"2023-05-22T08:02:53+00:00\",\"dateModified\":\"2023-06-02T07:44:43+00:00\",\"description\":\"In Aar\u00f8s Perle organisieren wir viele verschiedene Veranstaltungen. Kommen Sie zum Pfingstjazz am Samstag, den 16. 27. Mai 2023 und genie\u00dfen Sie eine tolle Atmosph\u00e4re und gro\u00dfartige Musik!\",\"breadcrumb\":{\"@id\":\"https:\/\/aaros-perle.dk\/de\/veranstaltungen\/#breadcrumb\"},\"inLanguage\":\"de\",\"potentialAction\":[{\"@type\":\"ReadAction\",\"target\":[\"https:\/\/aaros-perle.dk\/de\/veranstaltungen\/\"]}]},{\"@type\":\"ImageObject\",\"inLanguage\":\"de\",\"@id\":\"https:\/\/aaros-perle.dk\/de\/veranstaltungen\/#primaryimage\",\"url\":\"https:\/\/aaros-perle.dk\/wp-content\/uploads\/2023\/03\/1825fa80-f85a-4d89-b14d-3c45391381c1.jpeg\",\"contentUrl\":\"https:\/\/aaros-perle.dk\/wp-content\/uploads\/2023\/03\/1825fa80-f85a-4d89-b14d-3c45391381c1.jpeg\",\"width\":1890,\"height\":1260},{\"@type\":\"BreadcrumbList\",\"@id\":\"https:\/\/aaros-perle.dk\/de\/veranstaltungen\/#breadcrumb\",\"itemListElement\":[{\"@type\":\"ListItem\",\"position\":1,\"name\":\"Hjem\",\"item\":\"https:\/\/aaros-perle.dk\/de\/hauptseite\/\"},{\"@type\":\"ListItem\",\"position\":2,\"name\":\"Veranstaltungen\"}]},{\"@type\":\"WebSite\",\"@id\":\"https:\/\/aaros-perle.dk\/#website\",\"url\":\"https:\/\/aaros-perle.dk\/\",\"name\":\"Aar\u00f8&#039;s Perle\",\"description\":\"Havekiosk, Bed and Breakfast og turistk\u00f8rsel i Haderslev\",\"publisher\":{\"@id\":\"https:\/\/aaros-perle.dk\/#organization\"},\"potentialAction\":[{\"@type\":\"SearchAction\",\"target\":{\"@type\":\"EntryPoint\",\"urlTemplate\":\"https:\/\/aaros-perle.dk\/?s={search_term_string}\"},\"query-input\":{\"@type\":\"PropertyValueSpecification\",\"valueRequired\":true,\"valueName\":\"search_term_string\"}}],\"inLanguage\":\"de\"},{\"@type\":\"Organization\",\"@id\":\"https:\/\/aaros-perle.dk\/#organization\",\"name\":\"Aar\u00f8&#039;s Perle\",\"url\":\"https:\/\/aaros-perle.dk\/\",\"logo\":{\"@type\":\"ImageObject\",\"inLanguage\":\"de\",\"@id\":\"https:\/\/aaros-perle.dk\/#\/schema\/logo\/image\/\",\"url\":\"https:\/\/aaros-perle.dk\/wp-content\/uploads\/2023\/04\/logo-aaroes-perle-logo.png\",\"contentUrl\":\"https:\/\/aaros-perle.dk\/wp-content\/uploads\/2023\/04\/logo-aaroes-perle-logo.png\",\"width\":1020,\"height\":244,\"caption\":\"Aar\u00f8&#039;s Perle\"},\"image\":{\"@id\":\"https:\/\/aaros-perle.dk\/#\/schema\/logo\/image\/\"}}]}<\/script>\n<!-- \/ Yoast SEO plugin. -->","yoast_head_json":{"title":"Veranstaltungen &#183; Aar\u00f8&#039;s Perle","description":"In Aar\u00f8s Perle organisieren wir viele verschiedene Veranstaltungen. Kommen Sie zum Pfingstjazz am Samstag, den 16. 27. Mai 2023 und genie\u00dfen Sie eine tolle Atmosph\u00e4re und gro\u00dfartige Musik!","robots":{"index":"index","follow":"follow","max-snippet":"max-snippet:-1","max-image-preview":"max-image-preview:large","max-video-preview":"max-video-preview:-1"},"canonical":"https:\/\/aaros-perle.dk\/de\/veranstaltungen\/","og_locale":"de_DE","og_type":"article","og_title":"Veranstaltungen &#183; Aar\u00f8&#039;s Perle","og_description":"In Aar\u00f8s Perle organisieren wir viele verschiedene Veranstaltungen. Kommen Sie zum Pfingstjazz am Samstag, den 16. 27. Mai 2023 und genie\u00dfen Sie eine tolle Atmosph\u00e4re und gro\u00dfartige Musik!","og_url":"https:\/\/aaros-perle.dk\/de\/veranstaltungen\/","og_site_name":"Aar\u00f8&#039;s Perle","article_modified_time":"2023-06-02T07:44:43+00:00","og_image":[{"width":1890,"height":1260,"url":"https:\/\/aaros-perle.dk\/wp-content\/uploads\/2023\/03\/1825fa80-f85a-4d89-b14d-3c45391381c1.jpeg","type":"image\/jpeg"}],"twitter_card":"summary_large_image","twitter_misc":{"Gesch\u00e4tzte Lesezeit":"1\u00a0Minute"},"schema":{"@context":"https:\/\/schema.org","@graph":[{"@type":"WebPage","@id":"https:\/\/aaros-perle.dk\/de\/veranstaltungen\/","url":"https:\/\/aaros-perle.dk\/de\/veranstaltungen\/","name":"Veranstaltungen &#183; Aar\u00f8&#039;s Perle","isPartOf":{"@id":"https:\/\/aaros-perle.dk\/#website"},"primaryImageOfPage":{"@id":"https:\/\/aaros-perle.dk\/de\/veranstaltungen\/#primaryimage"},"image":{"@id":"https:\/\/aaros-perle.dk\/de\/veranstaltungen\/#primaryimage"},"thumbnailUrl":"https:\/\/aaros-perle.dk\/wp-content\/uploads\/2023\/03\/1825fa80-f85a-4d89-b14d-3c45391381c1.jpeg","datePublished":"2023-05-22T08:02:53+00:00","dateModified":"2023-06-02T07:44:43+00:00","description":"In Aar\u00f8s Perle organisieren wir viele verschiedene Veranstaltungen. Kommen Sie zum Pfingstjazz am Samstag, den 16. 27. Mai 2023 und genie\u00dfen Sie eine tolle Atmosph\u00e4re und gro\u00dfartige Musik!","breadcrumb":{"@id":"https:\/\/aaros-perle.dk\/de\/veranstaltungen\/#breadcrumb"},"inLanguage":"de","potentialAction":[{"@type":"ReadAction","target":["https:\/\/aaros-perle.dk\/de\/veranstaltungen\/"]}]},{"@type":"ImageObject","inLanguage":"de","@id":"https:\/\/aaros-perle.dk\/de\/veranstaltungen\/#primaryimage","url":"https:\/\/aaros-perle.dk\/wp-content\/uploads\/2023\/03\/1825fa80-f85a-4d89-b14d-3c45391381c1.jpeg","contentUrl":"https:\/\/aaros-perle.dk\/wp-content\/uploads\/2023\/03\/1825fa80-f85a-4d89-b14d-3c45391381c1.jpeg","width":1890,"height":1260},{"@type":"BreadcrumbList","@id":"https:\/\/aaros-perle.dk\/de\/veranstaltungen\/#breadcrumb","itemListElement":[{"@type":"ListItem","position":1,"name":"Hjem","item":"https:\/\/aaros-perle.dk\/de\/hauptseite\/"},{"@type":"ListItem","position":2,"name":"Veranstaltungen"}]},{"@type":"WebSite","@id":"https:\/\/aaros-perle.dk\/#website","url":"https:\/\/aaros-perle.dk\/","name":"Aar\u00f8&#039;s Perle","description":"Havekiosk, Bed and Breakfast og turistk\u00f8rsel i Haderslev","publisher":{"@id":"https:\/\/aaros-perle.dk\/#organization"},"potentialAction":[{"@type":"SearchAction","target":{"@type":"EntryPoint","urlTemplate":"https:\/\/aaros-perle.dk\/?s={search_term_string}"},"query-input":{"@type":"PropertyValueSpecification","valueRequired":true,"valueName":"search_term_string"}}],"inLanguage":"de"},{"@type":"Organization","@id":"https:\/\/aaros-perle.dk\/#organization","name":"Aar\u00f8&#039;s Perle","url":"https:\/\/aaros-perle.dk\/","logo":{"@type":"ImageObject","inLanguage":"de","@id":"https:\/\/aaros-perle.dk\/#\/schema\/logo\/image\/","url":"https:\/\/aaros-perle.dk\/wp-content\/uploads\/2023\/04\/logo-aaroes-perle-logo.png","contentUrl":"https:\/\/aaros-perle.dk\/wp-content\/uploads\/2023\/04\/logo-aaroes-perle-logo.png","width":1020,"height":244,"caption":"Aar\u00f8&#039;s Perle"},"image":{"@id":"https:\/\/aaros-perle.dk\/#\/schema\/logo\/image\/"}}]}},"_links":{"self":[{"href":"https:\/\/aaros-perle.dk\/de\/wp-json\/wp\/v2\/pages\/5437","targetHints":{"allow":["GET"]}}],"collection":[{"href":"https:\/\/aaros-perle.dk\/de\/wp-json\/wp\/v2\/pages"}],"about":[{"href":"https:\/\/aaros-perle.dk\/de\/wp-json\/wp\/v2\/types\/page"}],"author":[{"embeddable":true,"href":"https:\/\/aaros-perle.dk\/de\/wp-json\/wp\/v2\/users\/1"}],"replies":[{"embeddable":true,"href":"https:\/\/aaros-perle.dk\/de\/wp-json\/wp\/v2\/comments?post=5437"}],"version-history":[{"count":10,"href":"https:\/\/aaros-perle.dk\/de\/wp-json\/wp\/v2\/pages\/5437\/revisions"}],"predecessor-version":[{"id":5555,"href":"https:\/\/aaros-perle.dk\/de\/wp-json\/wp\/v2\/pages\/5437\/revisions\/5555"}],"wp:featuredmedia":[{"embeddable":true,"href":"https:\/\/aaros-perle.dk\/de\/wp-json\/wp\/v2\/media\/5352"}],"wp:attachment":[{"href":"https:\/\/aaros-perle.dk\/de\/wp-json\/wp\/v2\/media?parent=5437"}],"wp:term":[{"taxonomy":"category","embeddable":true,"href":"https:\/\/aaros-perle.dk\/de\/wp-json\/wp\/v2\/categories?post=5437"}],"curies":[{"name":"wp","href":"https:\/\/api.w.org\/{rel}","templated":true}]}}